{"id":2,"date":"2023-01-26T17:37:21","date_gmt":"2023-01-26T17:37:21","guid":{"rendered":"https:\/\/125.tv-muenster.de\/?page_id=2"},"modified":"2024-08-14T17:17:47","modified_gmt":"2024-08-14T17:17:47","slug":"willkommen","status":"publish","type":"page","link":"https:\/\/125.tv-muenster.de\/","title":{"rendered":"Willkommen"},"content":{"rendered":"\t\t<div data-elementor-type=\"wp-page\" data-elementor-id=\"2\" class=\"elementor elementor-2\">\n\t\t\t\t\t\t\t\t\t<section class=\"elementor-section elementor-top-section elementor-element elementor-element-3d70d44c elementor-section-content-middle elementor-reverse-tablet elementor-reverse-mobile elementor-section-boxed elementor-section-height-default elementor-section-height-default\" data-id=\"3d70d44c\" data-element_type=\"section\">\n\t\t\t\t\t\t<div class=\"elementor-container elementor-column-gap-no\">\n\t\t\t\t\t<div class=\"elementor-column elementor-col-100 elementor-top-column elementor-element elementor-element-47ac6aeb\" data-id=\"47ac6aeb\" data-element_type=\"column\">\n\t\t\t<div class=\"elementor-widget-wrap elementor-element-populated\">\n\t\t\t\t\t\t\t\t<div class=\"elementor-element elementor-element-59d4d13 elementor-widget elementor-widget-heading\" data-id=\"59d4d13\" data-element_type=\"widget\" data-widget_type=\"heading.default\">\n\t\t\t\t<div class=\"elementor-widget-container\">\n\t\t\t<style>\/*! elementor - v3.12.1 - 02-04-2023 *\/\n.elementor-heading-title{padding:0;margin:0;line-height:1}.elementor-widget-heading .elementor-heading-title[class*=elementor-size-]>a{color:inherit;font-size:inherit;line-height:inherit}.elementor-widget-heading .elementor-heading-title.elementor-size-small{font-size:15px}.elementor-widget-heading .elementor-heading-title.elementor-size-medium{font-size:19px}.elementor-widget-heading .elementor-heading-title.elementor-size-large{font-size:29px}.elementor-widget-heading .elementor-heading-title.elementor-size-xl{font-size:39px}.elementor-widget-heading .elementor-heading-title.elementor-size-xxl{font-size:59px}<\/style><h3 class=\"elementor-heading-title elementor-size-default\">TVM Sommerfest<\/h3>\t\t<\/div>\n\t\t\t\t<\/div>\n\t\t\t\t<div class=\"elementor-element elementor-element-745b20b elementor-widget elementor-widget-spacer\" data-id=\"745b20b\" data-element_type=\"widget\" data-widget_type=\"spacer.default\">\n\t\t\t\t<div class=\"elementor-widget-container\">\n\t\t\t<style>\/*! elementor - v3.12.1 - 02-04-2023 *\/\n.elementor-column .elementor-spacer-inner{height:var(--spacer-size)}.e-con{--container-widget-width:100%}.e-con-inner>.elementor-widget-spacer,.e-con>.elementor-widget-spacer{width:var(--container-widget-width,var(--spacer-size));--align-self:var(--container-widget-align-self,initial);--flex-shrink:0}.e-con-inner>.elementor-widget-spacer>.elementor-widget-container,.e-con-inner>.elementor-widget-spacer>.elementor-widget-container>.elementor-spacer,.e-con>.elementor-widget-spacer>.elementor-widget-container,.e-con>.elementor-widget-spacer>.elementor-widget-container>.elementor-spacer{height:100%}.e-con-inner>.elementor-widget-spacer>.elementor-widget-container>.elementor-spacer>.elementor-spacer-inner,.e-con>.elementor-widget-spacer>.elementor-widget-container>.elementor-spacer>.elementor-spacer-inner{height:var(--container-widget-height,var(--spacer-size))}<\/style>\t\t<div class=\"elementor-spacer\">\n\t\t\t<div class=\"elementor-spacer-inner\"><\/div>\n\t\t<\/div>\n\t\t\t\t<\/div>\n\t\t\t\t<\/div>\n\t\t\t\t<div class=\"elementor-element elementor-element-576d3cc elementor-widget elementor-widget-image\" data-id=\"576d3cc\" data-element_type=\"widget\" data-widget_type=\"image.default\">\n\t\t\t\t<div class=\"elementor-widget-container\">\n\t\t\t<style>\/*! elementor - v3.12.1 - 02-04-2023 *\/\n.elementor-widget-image{text-align:center}.elementor-widget-image a{display:inline-block}.elementor-widget-image a img[src$=\".svg\"]{width:48px}.elementor-widget-image img{vertical-align:middle;display:inline-block}<\/style>\t\t\t\t\t\t\t\t\t\t\t\t<img decoding=\"async\" width=\"725\" height=\"1024\" src=\"https:\/\/125.tv-muenster.de\/wp-content\/uploads\/2024\/08\/IMG-20240801-WA0000-725x1024.jpg\" class=\"attachment-large size-large wp-image-321\" alt=\"\" loading=\"lazy\" srcset=\"https:\/\/125.tv-muenster.de\/wp-content\/uploads\/2024\/08\/IMG-20240801-WA0000-725x1024.jpg 725w, https:\/\/125.tv-muenster.de\/wp-content\/uploads\/2024\/08\/IMG-20240801-WA0000-212x300.jpg 212w, https:\/\/125.tv-muenster.de\/wp-content\/uploads\/2024\/08\/IMG-20240801-WA0000-768x1085.jpg 768w, https:\/\/125.tv-muenster.de\/wp-content\/uploads\/2024\/08\/IMG-20240801-WA0000-1088x1536.jpg 1088w, https:\/\/125.tv-muenster.de\/wp-content\/uploads\/2024\/08\/IMG-20240801-WA0000.jpg 1133w\" sizes=\"(max-width: 725px) 100vw, 725px\" \/>\t\t\t\t\t\t\t\t\t\t\t\t\t\t\t<\/div>\n\t\t\t\t<\/div>\n\t\t\t\t<div class=\"elementor-element elementor-element-537fdd3 elementor-widget elementor-widget-heading\" data-id=\"537fdd3\" data-element_type=\"widget\" data-widget_type=\"heading.default\">\n\t\t\t\t<div class=\"elementor-widget-container\">\n\t\t\t<h3 class=\"elementor-heading-title elementor-size-default\">Sommerspa\u00df und Wein beim Turnverein<\/h3>\t\t<\/div>\n\t\t\t\t<\/div>\n\t\t\t\t<div class=\"elementor-element elementor-element-f0258f8 elementor-widget elementor-widget-text-editor\" data-id=\"f0258f8\" data-element_type=\"widget\" data-widget_type=\"text-editor.default\">\n\t\t\t\t<div class=\"elementor-widget-container\">\n\t\t\t<style>\/*! elementor - v3.12.1 - 02-04-2023 *\/\n.elementor-widget-text-editor.elementor-drop-cap-view-stacked .elementor-drop-cap{background-color:#69727d;color:#fff}.elementor-widget-text-editor.elementor-drop-cap-view-framed .elementor-drop-cap{color:#69727d;border:3px solid;background-color:transparent}.elementor-widget-text-editor:not(.elementor-drop-cap-view-default) .elementor-drop-cap{margin-top:8px}.elementor-widget-text-editor:not(.elementor-drop-cap-view-default) .elementor-drop-cap-letter{width:1em;height:1em}.elementor-widget-text-editor .elementor-drop-cap{float:left;text-align:center;line-height:1;font-size:50px}.elementor-widget-text-editor .elementor-drop-cap-letter{display:inline-block}<\/style>\t\t\t\t<p>Nach dem gro\u00dfartigen Jubil\u00e4um im letzten Jahr wollen die TV&#8217;ler nicht bis zum n\u00e4chsten Jubil\u00e4um warten. Deshalb laden wir euch herzlich zu unserem Sommerfest ein! \u00a0Unter dem Motto &#8222;Sommerspa\u00df und Wein beim Turnverein \u2026und lecker Bierchen&#8220; erwartet euch ein unvergesslicher Tag voller Freude und Genuss.<\/p><p><span style=\"background-color: var(--base-3);\">Wann: Samstag 31.08. ab 15 Uhr (Eintritt frei)<br \/><\/span>Livemusik: 19 Uhr<br \/>Wo: Jahnstra\u00dfe 2, 64839 M\u00fcnster<\/p><p>F\u00fcr die kleinen G\u00e4ste geht es bereits ab 15:00 Uhr \u00a0los mit jeder Menge Spa\u00df mit Spielger\u00e4ten, der gro\u00dfen Airtrackbahn, Glitzertattoos und vielem mehr. Lasst uns den Sommer gemeinsam feiern mit ausgew\u00e4hlten Weinen, frisch gezapftem Bier, leckeren Speisen vom Grill und duftenden Waffeln.<\/p><p>Ab 19 Uhr sorgt Tom mit seiner Gitarre und rockigen Kl\u00e4ngen f\u00fcr stimmungsvolle Livemusik. <strong>Der Eintritt ist frei! <\/strong><\/p><p>Unser Sommerfest kann auch nicht \u201eins Wasser fallen\u201c. Sollte das Wetter nicht mitspielen, findet das Event in der Halle statt. Kommt vorbei und feiert mit uns \u2013 wir freuen uns auf Euch!<\/p><p>\u00a0<\/p>\t\t\t\t\t\t<\/div>\n\t\t\t\t<\/div>\n\t\t\t\t\t<\/div>\n\t\t<\/div>\n\t\t\t\t\t\t\t<\/div>\n\t\t<\/section>\n\t\t\t\t\t\t\t<\/div>\n\t\t","protected":false},"excerpt":{"rendered":"<p>TVM Sommerfest Sommerspa\u00df und Wein beim Turnverein Nach dem gro\u00dfartigen Jubil\u00e4um im letzten Jahr wollen die TV&#8217;ler nicht bis zum n\u00e4chsten Jubil\u00e4um warten. Deshalb laden wir euch herzlich zu unserem Sommerfest ein! \u00a0Unter dem Motto &#8222;Sommerspa\u00df und Wein beim Turnverein \u2026und lecker Bierchen&#8220; erwartet euch ein unvergesslicher Tag voller Freude und Genuss. Wann: Samstag 31.08. &#8230; <a title=\"Willkommen\" class=\"read-more\" href=\"https:\/\/125.tv-muenster.de\/\" aria-label=\"Mehr dazu unter Willkommen\">Weiterlesen<\/a><\/p>\n","protected":false},"author":1,"featured_media":98,"parent":0,"menu_order":0,"comment_status":"closed","ping_status":"closed","template":"","meta":[],"yoast_head":"<!-- This site is optimized with the Yoast SEO plugin v20.4 - https:\/\/yoast.com\/wordpress\/plugins\/seo\/ -->\n<title>125 Jahre TV 1898 M\u00fcnster<\/title>\n<meta name=\"description\" content=\"125 Jahre TV M\u00fcnster. Das muss gefeiert werden! Gro\u00dfes Open-Air-Festwochenende am 07.07.-09.07.23. Jahnstra\u00dfe 2, 64839 M\u00fcnster\" \/>\n<meta name=\"robots\" content=\"index, follow, max-snippet:-1, max-image-preview:large, max-video-preview:-1\" \/>\n<link rel=\"canonical\" href=\"https:\/\/125.tv-muenster.de\/\" \/>\n<meta property=\"og:locale\" content=\"de_DE\" \/>\n<meta property=\"og:type\" content=\"article\" \/>\n<meta property=\"og:title\" content=\"125 Jahre TV 1898 M\u00fcnster\" \/>\n<meta property=\"og:description\" content=\"125 Jahre TV M\u00fcnster. Das muss gefeiert werden! Gro\u00dfes Open-Air-Festwochenende am 07.07.-09.07.23. Jahnstra\u00dfe 2, 64839 M\u00fcnster\" \/>\n<meta property=\"og:url\" content=\"https:\/\/125.tv-muenster.de\/\" \/>\n<meta property=\"og:site_name\" content=\"125 Jahre TV 1898 M\u00fcnster\" \/>\n<meta property=\"article:publisher\" content=\"https:\/\/www.facebook.com\/TV1898\" \/>\n<meta property=\"article:modified_time\" content=\"2024-08-14T17:17:47+00:00\" \/>\n<meta property=\"og:image\" content=\"https:\/\/125.tv-muenster.de\/wp-content\/uploads\/2023\/02\/TVM125JahreLogo.jpg\" \/>\n\t<meta property=\"og:image:width\" content=\"1000\" \/>\n\t<meta property=\"og:image:height\" content=\"1000\" \/>\n\t<meta property=\"og:image:type\" content=\"image\/jpeg\" \/>\n<meta name=\"twitter:card\" content=\"summary_large_image\" \/>\n<meta name=\"twitter:label1\" content=\"Gesch\u00e4tzte Lesezeit\" \/>\n\t<meta name=\"twitter:data1\" content=\"2\u00a0Minuten\" \/>\n<script type=\"application\/ld+json\" class=\"yoast-schema-graph\">{\"@context\":\"https:\/\/schema.org\",\"@graph\":[{\"@type\":\"WebPage\",\"@id\":\"https:\/\/125.tv-muenster.de\/\",\"url\":\"https:\/\/125.tv-muenster.de\/\",\"name\":\"125 Jahre TV 1898 M\u00fcnster\",\"isPartOf\":{\"@id\":\"https:\/\/125.tv-muenster.de\/#website\"},\"datePublished\":\"2023-01-26T17:37:21+00:00\",\"dateModified\":\"2024-08-14T17:17:47+00:00\",\"description\":\"125 Jahre TV M\u00fcnster. Das muss gefeiert werden! Gro\u00dfes Open-Air-Festwochenende am 07.07.-09.07.23. Jahnstra\u00dfe 2, 64839 M\u00fcnster\",\"breadcrumb\":{\"@id\":\"https:\/\/125.tv-muenster.de\/#breadcrumb\"},\"inLanguage\":\"de\",\"potentialAction\":[{\"@type\":\"ReadAction\",\"target\":[\"https:\/\/125.tv-muenster.de\/\"]}]},{\"@type\":\"BreadcrumbList\",\"@id\":\"https:\/\/125.tv-muenster.de\/#breadcrumb\",\"itemListElement\":[{\"@type\":\"ListItem\",\"position\":1,\"name\":\"Startseite\",\"item\":\"https:\/\/125.tv-muenster.de\/\"},{\"@type\":\"ListItem\",\"position\":2,\"name\":\"Willkommen\"}]},{\"@type\":\"WebSite\",\"@id\":\"https:\/\/125.tv-muenster.de\/#website\",\"url\":\"https:\/\/125.tv-muenster.de\/\",\"name\":\"125 Jahre TV 1898 M\u00fcnster\",\"description\":\"\",\"publisher\":{\"@id\":\"https:\/\/125.tv-muenster.de\/#organization\"},\"potentialAction\":[{\"@type\":\"SearchAction\",\"target\":{\"@type\":\"EntryPoint\",\"urlTemplate\":\"https:\/\/125.tv-muenster.de\/?s={search_term_string}\"},\"query-input\":\"required name=search_term_string\"}],\"inLanguage\":\"de\"},{\"@type\":\"Organization\",\"@id\":\"https:\/\/125.tv-muenster.de\/#organization\",\"name\":\"TV 1898 M\u00fcnster e.V.\",\"url\":\"https:\/\/125.tv-muenster.de\/\",\"logo\":{\"@type\":\"ImageObject\",\"inLanguage\":\"de\",\"@id\":\"https:\/\/125.tv-muenster.de\/#\/schema\/logo\/image\/\",\"url\":\"https:\/\/125.tv-muenster.de\/wp-content\/uploads\/2023\/01\/TVMLogo400Px.png\",\"contentUrl\":\"https:\/\/125.tv-muenster.de\/wp-content\/uploads\/2023\/01\/TVMLogo400Px.png\",\"width\":400,\"height\":236,\"caption\":\"TV 1898 M\u00fcnster e.V.\"},\"image\":{\"@id\":\"https:\/\/125.tv-muenster.de\/#\/schema\/logo\/image\/\"},\"sameAs\":[\"https:\/\/www.facebook.com\/TV1898\"]}]}<\/script>\n<!-- \/ Yoast SEO plugin. -->","yoast_head_json":{"title":"125 Jahre TV 1898 M\u00fcnster","description":"125 Jahre TV M\u00fcnster. Das muss gefeiert werden! Gro\u00dfes Open-Air-Festwochenende am 07.07.-09.07.23. Jahnstra\u00dfe 2, 64839 M\u00fcnster","robots":{"index":"index","follow":"follow","max-snippet":"max-snippet:-1","max-image-preview":"max-image-preview:large","max-video-preview":"max-video-preview:-1"},"canonical":"https:\/\/125.tv-muenster.de\/","og_locale":"de_DE","og_type":"article","og_title":"125 Jahre TV 1898 M\u00fcnster","og_description":"125 Jahre TV M\u00fcnster. Das muss gefeiert werden! Gro\u00dfes Open-Air-Festwochenende am 07.07.-09.07.23. Jahnstra\u00dfe 2, 64839 M\u00fcnster","og_url":"https:\/\/125.tv-muenster.de\/","og_site_name":"125 Jahre TV 1898 M\u00fcnster","article_publisher":"https:\/\/www.facebook.com\/TV1898","article_modified_time":"2024-08-14T17:17:47+00:00","og_image":[{"width":1000,"height":1000,"url":"https:\/\/125.tv-muenster.de\/wp-content\/uploads\/2023\/02\/TVM125JahreLogo.jpg","type":"image\/jpeg"}],"twitter_card":"summary_large_image","twitter_misc":{"Gesch\u00e4tzte Lesezeit":"2\u00a0Minuten"},"schema":{"@context":"https:\/\/schema.org","@graph":[{"@type":"WebPage","@id":"https:\/\/125.tv-muenster.de\/","url":"https:\/\/125.tv-muenster.de\/","name":"125 Jahre TV 1898 M\u00fcnster","isPartOf":{"@id":"https:\/\/125.tv-muenster.de\/#website"},"datePublished":"2023-01-26T17:37:21+00:00","dateModified":"2024-08-14T17:17:47+00:00","description":"125 Jahre TV M\u00fcnster. Das muss gefeiert werden! Gro\u00dfes Open-Air-Festwochenende am 07.07.-09.07.23. Jahnstra\u00dfe 2, 64839 M\u00fcnster","breadcrumb":{"@id":"https:\/\/125.tv-muenster.de\/#breadcrumb"},"inLanguage":"de","potentialAction":[{"@type":"ReadAction","target":["https:\/\/125.tv-muenster.de\/"]}]},{"@type":"BreadcrumbList","@id":"https:\/\/125.tv-muenster.de\/#breadcrumb","itemListElement":[{"@type":"ListItem","position":1,"name":"Startseite","item":"https:\/\/125.tv-muenster.de\/"},{"@type":"ListItem","position":2,"name":"Willkommen"}]},{"@type":"WebSite","@id":"https:\/\/125.tv-muenster.de\/#website","url":"https:\/\/125.tv-muenster.de\/","name":"125 Jahre TV 1898 M\u00fcnster","description":"","publisher":{"@id":"https:\/\/125.tv-muenster.de\/#organization"},"potentialAction":[{"@type":"SearchAction","target":{"@type":"EntryPoint","urlTemplate":"https:\/\/125.tv-muenster.de\/?s={search_term_string}"},"query-input":"required name=search_term_string"}],"inLanguage":"de"},{"@type":"Organization","@id":"https:\/\/125.tv-muenster.de\/#organization","name":"TV 1898 M\u00fcnster e.V.","url":"https:\/\/125.tv-muenster.de\/","logo":{"@type":"ImageObject","inLanguage":"de","@id":"https:\/\/125.tv-muenster.de\/#\/schema\/logo\/image\/","url":"https:\/\/125.tv-muenster.de\/wp-content\/uploads\/2023\/01\/TVMLogo400Px.png","contentUrl":"https:\/\/125.tv-muenster.de\/wp-content\/uploads\/2023\/01\/TVMLogo400Px.png","width":400,"height":236,"caption":"TV 1898 M\u00fcnster e.V."},"image":{"@id":"https:\/\/125.tv-muenster.de\/#\/schema\/logo\/image\/"},"sameAs":["https:\/\/www.facebook.com\/TV1898"]}]}},"_links":{"self":[{"href":"https:\/\/125.tv-muenster.de\/index.php\/wp-json\/wp\/v2\/pages\/2"}],"collection":[{"href":"https:\/\/125.tv-muenster.de\/index.php\/wp-json\/wp\/v2\/pages"}],"about":[{"href":"https:\/\/125.tv-muenster.de\/index.php\/wp-json\/wp\/v2\/types\/page"}],"author":[{"embeddable":true,"href":"https:\/\/125.tv-muenster.de\/index.php\/wp-json\/wp\/v2\/users\/1"}],"replies":[{"embeddable":true,"href":"https:\/\/125.tv-muenster.de\/index.php\/wp-json\/wp\/v2\/comments?post=2"}],"version-history":[{"count":117,"href":"https:\/\/125.tv-muenster.de\/index.php\/wp-json\/wp\/v2\/pages\/2\/revisions"}],"predecessor-version":[{"id":331,"href":"https:\/\/125.tv-muenster.de\/index.php\/wp-json\/wp\/v2\/pages\/2\/revisions\/331"}],"wp:featuredmedia":[{"embeddable":true,"href":"https:\/\/125.tv-muenster.de\/index.php\/wp-json\/wp\/v2\/media\/98"}],"wp:attachment":[{"href":"https:\/\/125.tv-muenster.de\/index.php\/wp-json\/wp\/v2\/media?parent=2"}],"curies":[{"name":"wp","href":"https:\/\/api.w.org\/{rel}","templated":true}]}}